{"id":4869,"date":"2025-03-14T19:06:30","date_gmt":"2025-03-15T00:06:30","guid":{"rendered":"https:\/\/itesut.edu.ec\/?page_id=4869"},"modified":"2025-03-15T22:11:07","modified_gmt":"2025-03-16T03:11:07","slug":"4869-2","status":"publish","type":"page","link":"https:\/\/itesut.edu.ec\/?page_id=4869","title":{"rendered":""},"content":{"rendered":"\t\t<div data-elementor-type=\"wp-page\" data-elementor-id=\"4869\" class=\"elementor elementor-4869\">\n\t\t\t\t<div class=\"elementor-element elementor-element-6824da2 e-flex e-con-boxed e-con e-parent\" data-id=\"6824da2\" data-element_type=\"container\">\n\t\t\t\t\t<div class=\"e-con-inner\">\n\t\t\t\t<div class=\"elementor-element elementor-element-2c3e4aa elementor-widget elementor-widget-heading\" data-id=\"2c3e4aa\" data-element_type=\"widget\" data-widget_type=\"heading.default\">\n\t\t\t\t<div class=\"elementor-widget-container\">\n\t\t\t<style>\/*! elementor - v3.21.0 - 26-05-2024 *\/\n.elementor-heading-title{padding:0;margin:0;line-height:1}.elementor-widget-heading .elementor-heading-title[class*=elementor-size-]>a{color:inherit;font-size:inherit;line-height:inherit}.elementor-widget-heading .elementor-heading-title.elementor-size-small{font-size:15px}.elementor-widget-heading .elementor-heading-title.elementor-size-medium{font-size:19px}.elementor-widget-heading .elementor-heading-title.elementor-size-large{font-size:29px}.elementor-widget-heading .elementor-heading-title.elementor-size-xl{font-size:39px}.elementor-widget-heading .elementor-heading-title.elementor-size-xxl{font-size:59px}<\/style><h2 class=\"elementor-heading-title elementor-size-default\">EX ALUMNOS<\/h2>\t\t<\/div>\n\t\t\t\t<\/div>\n\t\t\t\t\t<\/div>\n\t\t\t\t<\/div>\n\t\t<div class=\"elementor-element elementor-element-9e89c50 e-flex e-con-boxed e-con e-parent\" data-id=\"9e89c50\" data-element_type=\"container\">\n\t\t\t\t\t<div class=\"e-con-inner\">\n\t\t<div class=\"elementor-element elementor-element-7b2ae96 e-con-full e-flex e-con e-child\" data-id=\"7b2ae96\" data-element_type=\"container\">\n\t\t\t\t<div class=\"elementor-element elementor-element-95ecc61 elementor-widget__width-auto elementor-widget elementor-widget-text-editor\" data-id=\"95ecc61\" data-element_type=\"widget\" data-widget_type=\"text-editor.default\">\n\t\t\t\t<div class=\"elementor-widget-container\">\n\t\t\t<style>\/*! elementor - v3.21.0 - 26-05-2024 *\/\n.elementor-widget-text-editor.elementor-drop-cap-view-stacked .elementor-drop-cap{background-color:#69727d;color:#fff}.elementor-widget-text-editor.elementor-drop-cap-view-framed .elementor-drop-cap{color:#69727d;border:3px solid;background-color:transparent}.elementor-widget-text-editor:not(.elementor-drop-cap-view-default) .elementor-drop-cap{margin-top:8px}.elementor-widget-text-editor:not(.elementor-drop-cap-view-default) .elementor-drop-cap-letter{width:1em;height:1em}.elementor-widget-text-editor .elementor-drop-cap{float:left;text-align:center;line-height:1;font-size:50px}.elementor-widget-text-editor .elementor-drop-cap-letter{display:inline-block}<\/style>\t\t\t\t<p class=\"MsoNormal\" style=\"mso-margin-top-alt: auto; mso-margin-bottom-alt: auto; text-align: justify;\"><span lang=\"ES-EC\" style=\"font-family: 'Times New Roman',serif; mso-fareast-font-family: 'Times New Roman'; mso-font-kerning: 0pt; mso-ligatures: none; mso-fareast-language: ES-MX;\">El ITESUT se enorgullece en destacar el logro de uno de sus graduados m\u00e1s emblem\u00e1ticos: Agust\u00edn Delgado, reconocido exfutbolista profesional y goleador hist\u00f3rico de la Selecci\u00f3n Ecuatoriana de F\u00fatbol. Conocido por su talento en la cancha y su entrega en cada partido, el &#8220;Tin&#8221; ha demostrado que la disciplina y la perseverancia trascienden m\u00e1s all\u00e1 del deporte.<\/span><\/p><p class=\"MsoNormal\" style=\"mso-margin-top-alt: auto; mso-margin-bottom-alt: auto; text-align: justify;\"><span lang=\"ES-EC\" style=\"font-family: 'Times New Roman',serif; mso-fareast-font-family: 'Times New Roman'; mso-font-kerning: 0pt; mso-ligatures: none; mso-fareast-language: ES-MX;\">Durante el per\u00edodo 2023-2024, Agust\u00edn Delgado ha continuado destac\u00e1ndose, consolidando su rol como l\u00edder dentro y fuera del \u00e1mbito deportivo. En estos \u00faltimos a\u00f1os, ha trabajado en el desarrollo del f\u00fatbol ecuatoriano, promoviendo iniciativas sociales y deportivas para el crecimiento de las nuevas generaciones. En 2023, fue designado como embajador del f\u00fatbol ecuatoriano por la Federaci\u00f3n Ecuatoriana de F\u00fatbol, un reconocimiento a su trayectoria y aporte al desarrollo del deporte en el pa\u00eds. Adem\u00e1s, su incursi\u00f3n en el \u00e1mbito acad\u00e9mico ha sido un ejemplo de superaci\u00f3n y aprendizaje constante.<\/span><\/p><p class=\"MsoNormal\" style=\"mso-margin-top-alt: auto; mso-margin-bottom-alt: auto; text-align: justify;\"><span lang=\"ES-EC\" style=\"font-family: 'Times New Roman',serif; mso-fareast-font-family: 'Times New Roman'; mso-font-kerning: 0pt; mso-ligatures: none; mso-fareast-language: ES-MX;\">Agust\u00edn Delgado tuvo una destacada carrera futbol\u00edstica tanto a nivel de clubes como en la selecci\u00f3n ecuatoriana. Fue el m\u00e1ximo goleador de la Tricolor en las Eliminatorias al Mundial 2002, contribuyendo a la hist\u00f3rica clasificaci\u00f3n de Ecuador a su primer torneo mundialista. Adem\u00e1s, anot\u00f3 el primer gol de la selecci\u00f3n ecuatoriana en un Mundial de la FIFA, durante la edici\u00f3n de Corea-Jap\u00f3n 2002.<\/span><\/p><p class=\"MsoNormal\" style=\"mso-margin-top-alt: auto; mso-margin-bottom-alt: auto; text-align: justify;\"><span lang=\"ES-EC\" style=\"font-family: 'Times New Roman',serif; mso-fareast-font-family: 'Times New Roman'; mso-font-kerning: 0pt; mso-ligatures: none; mso-fareast-language: ES-MX;\">En su trayectoria de clubes, jug\u00f3 en equipos de Ecuador como El Nacional y Barcelona SC, as\u00ed como en el exterior, destac\u00e1ndose en el Necaxa de M\u00e9xico y Southampton de Inglaterra. Su capacidad goleadora y liderazgo dentro del campo lo convirtieron en un referente del f\u00fatbol ecuatoriano.<\/span><\/p><p class=\"MsoNormal\" style=\"mso-margin-top-alt: auto; mso-margin-bottom-alt: auto; text-align: justify;\"><span lang=\"ES-EC\" style=\"font-family: 'Times New Roman',serif; mso-fareast-font-family: 'Times New Roman'; mso-font-kerning: 0pt; mso-ligatures: none; mso-fareast-language: ES-MX;\">Luego de una exitosa carrera futbol\u00edstica, en la que dej\u00f3 huella en clubes nacionales e internacionales, Agust\u00edn Delgado apost\u00f3 por la educaci\u00f3n como herramienta de crecimiento personal y profesional. Su paso por el ITESUT no solo representa una inspiraci\u00f3n para las nuevas generaciones, sino tambi\u00e9n un ejemplo claro de que nunca es tarde para seguir aprendiendo y alcanzar nuevas metas.<\/span><\/p><p class=\"MsoNormal\" style=\"mso-margin-top-alt: auto; mso-margin-bottom-alt: auto; text-align: justify;\"><span lang=\"ES-EC\" style=\"font-family: 'Times New Roman',serif; mso-fareast-font-family: 'Times New Roman'; mso-font-kerning: 0pt; mso-ligatures: none; mso-fareast-language: ES-MX;\">Desde nuestra instituci\u00f3n felicitamos a Agust\u00edn Delgado por su compromiso con la formaci\u00f3n acad\u00e9mica y por ser un referente dentro y fuera de las canchas. Su historia es un testimonio de que la educaci\u00f3n y la pasi\u00f3n pueden ir de la mano para construir un mejor futuro.<\/span><\/p><p class=\"MsoNormal\" style=\"mso-margin-top-alt: auto; mso-margin-bottom-alt: auto; text-align: justify;\"><span lang=\"ES-EC\" style=\"font-family: 'Times New Roman',serif; mso-fareast-font-family: 'Times New Roman'; mso-font-kerning: 0pt; mso-ligatures: none; mso-fareast-language: ES-MX;\">\u00a1Enhorabuena, Agust\u00edn! El ITESUT celebra tu logro y te desea \u00e9xito en esta nueva etapa de tu vida.<\/span><\/p>\t\t\t\t\t\t<\/div>\n\t\t\t\t<\/div>\n\t\t\t\t<\/div>\n\t\t<div class=\"elementor-element elementor-element-52bdcfd e-con-full e-flex e-con e-child\" data-id=\"52bdcfd\" data-element_type=\"container\">\n\t\t\t\t<div class=\"elementor-element elementor-element-e2ed273 elementor-widget elementor-widget-image\" data-id=\"e2ed273\" data-element_type=\"widget\" data-widget_type=\"image.default\">\n\t\t\t\t<div class=\"elementor-widget-container\">\n\t\t\t<style>\/*! elementor - v3.21.0 - 26-05-2024 *\/\n.elementor-widget-image{text-align:center}.elementor-widget-image a{display:inline-block}.elementor-widget-image a img[src$=\".svg\"]{width:48px}.elementor-widget-image img{vertical-align:middle;display:inline-block}<\/style>\t\t\t\t\t\t\t\t\t\t<img fetchpriority=\"high\" decoding=\"async\" width=\"768\" height=\"1024\" src=\"https:\/\/itesut.edu.ec\/wp-content\/uploads\/2025\/03\/image-768x1024.png\" class=\"elementor-animation-pulse attachment-large size-large wp-image-4873\" alt=\"\" srcset=\"https:\/\/itesut.edu.ec\/wp-content\/uploads\/2025\/03\/image-768x1024.png 768w, https:\/\/itesut.edu.ec\/wp-content\/uploads\/2025\/03\/image-225x300.png 225w, https:\/\/itesut.edu.ec\/wp-content\/uploads\/2025\/03\/image-600x800.png 600w, https:\/\/itesut.edu.ec\/wp-content\/uploads\/2025\/03\/image-64x85.png 64w, https:\/\/itesut.edu.ec\/wp-content\/uploads\/2025\/03\/image.png 921w\" sizes=\"(max-width: 768px) 100vw, 768px\" \/>\t\t\t\t\t\t\t\t\t\t\t\t\t<\/div>\n\t\t\t\t<\/div>\n\t\t\t\t<div class=\"elementor-element elementor-element-5ee3782 elementor-widget elementor-widget-heading\" data-id=\"5ee3782\" data-element_type=\"widget\" data-widget_type=\"heading.default\">\n\t\t\t\t<div class=\"elementor-widget-container\">\n\t\t\t<h2 class=\"elementor-heading-title elementor-size-default\"><p class=\"MsoNormal\"><b><span lang=\"ES-EC\" style=\"font-family:&quot;Times New Roman&quot;,serif;mso-fareast-font-family:\n&quot;Times New Roman&quot;;mso-font-kerning:0pt;mso-ligatures:none;mso-fareast-language:\nES-MX\">Agust\u00edn Delgado: Del Gol a la Excelencia Acad\u00e9mica y sus Logros\nRecientes<\/span><\/b><span lang=\"ES-EC\" style=\"font-family:&quot;Times New Roman&quot;,serif;\nmso-fareast-font-family:&quot;Times New Roman&quot;;mso-font-kerning:0pt;mso-ligatures:\nnone;mso-fareast-language:ES-MX\"><o:p><\/o:p><\/span><\/p>\n\n<\/h2>\t\t<\/div>\n\t\t\t\t<\/div>\n\t\t\t\t<\/div>\n\t\t\t\t\t<\/div>\n\t\t\t\t<\/div>\n\t\t<div class=\"elementor-element elementor-element-9cfaff4 e-flex e-con-boxed e-con e-parent\" data-id=\"9cfaff4\" data-element_type=\"container\">\n\t\t\t\t\t<div class=\"e-con-inner\">\n\t\t<div class=\"elementor-element elementor-element-83f898d e-con-full e-flex e-con e-child\" data-id=\"83f898d\" data-element_type=\"container\">\n\t\t\t\t<div class=\"elementor-element elementor-element-cdb03a7 elementor-widget elementor-widget-image\" data-id=\"cdb03a7\" data-element_type=\"widget\" data-widget_type=\"image.default\">\n\t\t\t\t<div class=\"elementor-widget-container\">\n\t\t\t\t\t\t\t\t\t\t\t\t\t<img decoding=\"async\" width=\"602\" height=\"803\" src=\"https:\/\/itesut.edu.ec\/wp-content\/uploads\/2025\/03\/image-1.png\" class=\"elementor-animation-pulse attachment-large size-large wp-image-4880\" alt=\"\" srcset=\"https:\/\/itesut.edu.ec\/wp-content\/uploads\/2025\/03\/image-1.png 602w, https:\/\/itesut.edu.ec\/wp-content\/uploads\/2025\/03\/image-1-225x300.png 225w, https:\/\/itesut.edu.ec\/wp-content\/uploads\/2025\/03\/image-1-600x800.png 600w, https:\/\/itesut.edu.ec\/wp-content\/uploads\/2025\/03\/image-1-64x85.png 64w\" sizes=\"(max-width: 602px) 100vw, 602px\" \/>\t\t\t\t\t\t\t\t\t\t\t\t\t<\/div>\n\t\t\t\t<\/div>\n\t\t\t\t<div class=\"elementor-element elementor-element-9654526 elementor-widget elementor-widget-heading\" data-id=\"9654526\" data-element_type=\"widget\" data-widget_type=\"heading.default\">\n\t\t\t\t<div class=\"elementor-widget-container\">\n\t\t\t<h2 class=\"elementor-heading-title elementor-size-default\"><p><strong><span lang=\"ES-EC\">Antonio Valencia: Liderazgo y \u00c9xito Dentro y Fuera\nde las Canchas<o:p><\/o:p><\/span><\/strong><\/p><\/h2>\t\t<\/div>\n\t\t\t\t<\/div>\n\t\t\t\t<\/div>\n\t\t<div class=\"elementor-element elementor-element-9ad8bd0 e-con-full e-flex e-con e-child\" data-id=\"9ad8bd0\" data-element_type=\"container\">\n\t\t\t\t<div class=\"elementor-element elementor-element-cde152d elementor-widget elementor-widget-text-editor\" data-id=\"cde152d\" data-element_type=\"widget\" data-widget_type=\"text-editor.default\">\n\t\t\t\t<div class=\"elementor-widget-container\">\n\t\t\t\t\t\t\t<p><span lang=\"ES-EC\">El ITESUT se complace en reconocer los logros de una de las figuras m\u00e1s emblem\u00e1ticas del f\u00fatbol ecuatoriano: Antonio Valencia, exjugador profesional del Manchester United y exseleccionado de la Tricolor. Su trayectoria ha sido un ejemplo de disciplina, liderazgo y \u00e9xito, tanto en el \u00e1mbito deportivo como en su desarrollo personal y profesional.<\/span><\/p>\n<p><span lang=\"ES-EC\">Antonio Valencia dej\u00f3 una huella imborrable en el f\u00fatbol mundial. Se consolid\u00f3 como uno de los mejores laterales y volantes del Manchester United, equipo en el que jug\u00f3 durante una d\u00e9cada y con el que conquist\u00f3 m\u00faltiples t\u00edtulos, entre ellos:<\/span><\/p>\n<p style=\"margin-left: 36.0pt; text-indent: -18.0pt; mso-list: l0 level1 lfo1; tab-stops: list 36.0pt;\"><!-- [if !supportLists]--><span lang=\"ES-EC\" style=\"font-size: 10.0pt; mso-bidi-font-size: 12.0pt; font-family: Symbol; mso-fareast-font-family: Symbol; mso-bidi-font-family: Symbol;\">\u00b7<span style=\"font-variant-numeric: normal; font-variant-east-asian: normal; font-variant-alternates: normal; font-size-adjust: none; font-kerning: auto; font-optical-sizing: auto; font-feature-settings: normal; font-variation-settings: normal; font-variant-position: normal; font-variant-emoji: normal; font-stretch: normal; font-size: 7pt; line-height: normal; font-family: 'Times New Roman';\">\u00a0\u00a0\u00a0\u00a0\u00a0\u00a0\u00a0\u00a0 <\/span><\/span><!--[endif]--><strong><span lang=\"ES-EC\">Premier League (2010-11 y 2012-13)<\/span><\/strong><\/p>\n<p style=\"margin-left: 36.0pt; text-indent: -18.0pt; mso-list: l0 level1 lfo1; tab-stops: list 36.0pt;\"><!-- [if !supportLists]--><span lang=\"ES-EC\" style=\"font-size: 10.0pt; mso-bidi-font-size: 12.0pt; font-family: Symbol; mso-fareast-font-family: Symbol; mso-bidi-font-family: Symbol;\">\u00b7<span style=\"font-variant-numeric: normal; font-variant-east-asian: normal; font-variant-alternates: normal; font-size-adjust: none; font-kerning: auto; font-optical-sizing: auto; font-feature-settings: normal; font-variation-settings: normal; font-variant-position: normal; font-variant-emoji: normal; font-stretch: normal; font-size: 7pt; line-height: normal; font-family: 'Times New Roman';\">\u00a0\u00a0\u00a0\u00a0\u00a0\u00a0\u00a0\u00a0 <\/span><\/span><!--[endif]--><strong><span lang=\"ES-EC\">FA Cup (2015-16)<\/span><\/strong><\/p>\n<p style=\"margin-left: 36.0pt; text-indent: -18.0pt; mso-list: l0 level1 lfo1; tab-stops: list 36.0pt;\"><!-- [if !supportLists]--><span lang=\"ES-EC\" style=\"font-size: 10.0pt; mso-bidi-font-size: 12.0pt; font-family: Symbol; mso-fareast-font-family: Symbol; mso-bidi-font-family: Symbol;\">\u00b7<span style=\"font-variant-numeric: normal; font-variant-east-asian: normal; font-variant-alternates: normal; font-size-adjust: none; font-kerning: auto; font-optical-sizing: auto; font-feature-settings: normal; font-variation-settings: normal; font-variant-position: normal; font-variant-emoji: normal; font-stretch: normal; font-size: 7pt; line-height: normal; font-family: 'Times New Roman';\">\u00a0\u00a0\u00a0\u00a0\u00a0\u00a0\u00a0\u00a0 <\/span><\/span><!--[endif]--><strong><span lang=\"ES-EC\">EFL Cup (2009-10 y 2016-17)<\/span><\/strong><\/p>\n<p style=\"margin-left: 36.0pt; text-indent: -18.0pt; mso-list: l0 level1 lfo1; tab-stops: list 36.0pt;\"><!-- [if !supportLists]--><span lang=\"ES-EC\" style=\"font-size: 10.0pt; mso-bidi-font-size: 12.0pt; font-family: Symbol; mso-fareast-font-family: Symbol; mso-bidi-font-family: Symbol;\">\u00b7<span style=\"font-variant-numeric: normal; font-variant-east-asian: normal; font-variant-alternates: normal; font-size-adjust: none; font-kerning: auto; font-optical-sizing: auto; font-feature-settings: normal; font-variation-settings: normal; font-variant-position: normal; font-variant-emoji: normal; font-stretch: normal; font-size: 7pt; line-height: normal; font-family: 'Times New Roman';\">\u00a0\u00a0\u00a0\u00a0\u00a0\u00a0\u00a0\u00a0 <\/span><\/span><!--[endif]--><strong><span lang=\"ES-EC\">Community Shield (2010, 2013 y 2016)<\/span><\/strong><\/p>\n<p style=\"margin-left: 36.0pt; text-indent: -18.0pt; mso-list: l0 level1 lfo1; tab-stops: list 36.0pt;\"><!-- [if !supportLists]--><span lang=\"ES-EC\" style=\"font-size: 10.0pt; mso-bidi-font-size: 12.0pt; font-family: Symbol; mso-fareast-font-family: Symbol; mso-bidi-font-family: Symbol;\">\u00b7<span style=\"font-variant-numeric: normal; font-variant-east-asian: normal; font-variant-alternates: normal; font-size-adjust: none; font-kerning: auto; font-optical-sizing: auto; font-feature-settings: normal; font-variation-settings: normal; font-variant-position: normal; font-variant-emoji: normal; font-stretch: normal; font-size: 7pt; line-height: normal; font-family: 'Times New Roman';\">\u00a0\u00a0\u00a0\u00a0\u00a0\u00a0\u00a0\u00a0 <\/span><\/span><!--[endif]--><strong><span lang=\"ES-EC\">UEFA Europa League (2016-17)<\/span><\/strong><\/p>\n<p><span lang=\"ES-EC\">Adem\u00e1s, fue capit\u00e1n del club ingl\u00e9s, convirti\u00e9ndose en el primer ecuatoriano en portar la cinta en uno de los equipos m\u00e1s prestigiosos del mundo. Su entrega, velocidad y capacidad defensiva lo hicieron un referente del f\u00fatbol sudamericano en Europa.<\/span><\/p>\n<p><span lang=\"ES-EC\">Con la Selecci\u00f3n de Ecuador, disput\u00f3 los Mundiales de 2006 y 2014, adem\u00e1s de varias ediciones de la Copa Am\u00e9rica. Fue pieza clave en las eliminatorias y un l\u00edder dentro y fuera del campo, acumulando m\u00e1s de 90 partidos con la Tricolor.<\/span><\/p>\n<p><span lang=\"ES-EC\">Tras su retiro del f\u00fatbol profesional, Antonio Valencia ha continuado desempe\u00f1\u00e1ndose como un referente del deporte ecuatoriano. En el periodo 2023-2024, ha trabajado en el fortalecimiento del f\u00fatbol base en Ecuador, promoviendo la formaci\u00f3n de j\u00f3venes talentos a trav\u00e9s de su academia deportiva. Tambi\u00e9n ha sido reconocido como embajador del f\u00fatbol ecuatoriano por su impacto dentro y fuera del campo.<\/span><\/p>\n<p><span lang=\"ES-EC\">Adem\u00e1s, ha incursionado en proyectos sociales y educativos, enfoc\u00e1ndose en brindar oportunidades a j\u00f3venes futbolistas que sue\u00f1an con una carrera profesional. Su legado contin\u00faa creciendo, demostrando que el \u00e9xito va m\u00e1s all\u00e1 del terreno de juego.<\/span><\/p>\n<p><span lang=\"ES-EC\">Desde el ITESUT felicitamos a Antonio Valencia por su destacada trayectoria y su compromiso con el desarrollo del deporte y la educaci\u00f3n en Ecuador. Su historia es una fuente de inspiraci\u00f3n para las nuevas generaciones, demostrando que con esfuerzo y dedicaci\u00f3n, se pueden alcanzar grandes metas.<\/span><\/p>\n<p>\u00a0<\/p>\n<p><span lang=\"ES-EC\">\u00a1Felicidades, Antonio! El ITESUT celebra tus logros y te desea \u00e9xito en cada uno de tus proyectos futuros.<\/span><\/p>\t\t\t\t\t\t<\/div>\n\t\t\t\t<\/div>\n\t\t\t\t<\/div>\n\t\t\t\t\t<\/div>\n\t\t\t\t<\/div>\n\t\t<div class=\"elementor-element elementor-element-44fbb3d e-flex e-con-boxed e-con e-parent\" data-id=\"44fbb3d\" data-element_type=\"container\">\n\t\t\t\t\t<div class=\"e-con-inner\">\n\t\t<div class=\"elementor-element elementor-element-5385c7e e-con-full e-flex e-con e-child\" data-id=\"5385c7e\" data-element_type=\"container\">\n\t\t\t\t<div class=\"elementor-element elementor-element-1141a0f elementor-widget elementor-widget-text-editor\" data-id=\"1141a0f\" data-element_type=\"widget\" data-widget_type=\"text-editor.default\">\n\t\t\t\t<div class=\"elementor-widget-container\">\n\t\t\t\t\t\t\t<p><span lang=\"ES-EC\">El ITESUT se complace en reconocer la trayectoria y los\nlogros de una de las figuras m\u00e1s representativas del f\u00fatbol ecuatoriano: \u00c9dison\nM\u00e9ndez. Exfutbolista profesional y exseleccionado nacional, su impacto en el\ndeporte ha sido innegable, tanto en su \u00e9poca como jugador como en su actual\ncontribuci\u00f3n al crecimiento del f\u00fatbol en el pa\u00eds.<o:p><\/o:p><\/span><\/p><p><span lang=\"ES-EC\">\u00c9dison M\u00e9ndez fue un mediocampista talentoso, reconocido\npor su visi\u00f3n de juego, precisi\u00f3n en los pases y potentes remates de media\ndistancia. Durante su carrera, alcanz\u00f3 importantes hitos, entre los cuales\ndestacan:<o:p><\/o:p><\/span><\/p><p style=\"margin-left:36.0pt;text-indent:-18.0pt;mso-list:l0 level1 lfo1;\ntab-stops:list 36.0pt\"><!--[if !supportLists]--><span lang=\"ES-EC\" style=\"font-size:\n10.0pt;mso-bidi-font-size:12.0pt;font-family:Symbol;mso-fareast-font-family:\nSymbol;mso-bidi-font-family:Symbol\">\u00b7<span style=\"font-variant-numeric: normal; font-variant-east-asian: normal; font-variant-alternates: normal; font-size-adjust: none; font-kerning: auto; font-optical-sizing: auto; font-feature-settings: normal; font-variation-settings: normal; font-variant-position: normal; font-variant-emoji: normal; font-stretch: normal; font-size: 7pt; line-height: normal; font-family: &quot;Times New Roman&quot;;\">&nbsp;&nbsp;&nbsp;&nbsp;&nbsp;&nbsp;&nbsp;&nbsp;\n<\/span><\/span><!--[endif]--><strong><span lang=\"ES-EC\">Participaci\u00f3n en tres\nCopas del Mundo con Ecuador (2002, 2006 y 2014)<\/span><\/strong><span lang=\"ES-EC\">, convirti\u00e9ndose en uno de los jugadores con m\u00e1s presencias en\nmundiales con la Tricolor.<o:p><\/o:p><\/span><\/p><p style=\"margin-left:36.0pt;text-indent:-18.0pt;mso-list:l0 level1 lfo1;\ntab-stops:list 36.0pt\"><!--[if !supportLists]--><span lang=\"ES-EC\" style=\"font-size:\n10.0pt;mso-bidi-font-size:12.0pt;font-family:Symbol;mso-fareast-font-family:\nSymbol;mso-bidi-font-family:Symbol\">\u00b7<span style=\"font-variant-numeric: normal; font-variant-east-asian: normal; font-variant-alternates: normal; font-size-adjust: none; font-kerning: auto; font-optical-sizing: auto; font-feature-settings: normal; font-variation-settings: normal; font-variant-position: normal; font-variant-emoji: normal; font-stretch: normal; font-size: 7pt; line-height: normal; font-family: &quot;Times New Roman&quot;;\">&nbsp;&nbsp;&nbsp;&nbsp;&nbsp;&nbsp;&nbsp;&nbsp;\n<\/span><\/span><!--[endif]--><strong><span lang=\"ES-EC\">Primer ecuatoriano en\nanotar un gol en una Copa del Mundo<\/span><\/strong><span lang=\"ES-EC\">, marcando\nen la victoria hist\u00f3rica contra Croacia en el Mundial 2002.<o:p><\/o:p><\/span><\/p><p style=\"margin-left:36.0pt;text-indent:-18.0pt;mso-list:l0 level1 lfo1;\ntab-stops:list 36.0pt\"><!--[if !supportLists]--><span lang=\"ES-EC\" style=\"font-size:\n10.0pt;mso-bidi-font-size:12.0pt;font-family:Symbol;mso-fareast-font-family:\nSymbol;mso-bidi-font-family:Symbol\">\u00b7<span style=\"font-variant-numeric: normal; font-variant-east-asian: normal; font-variant-alternates: normal; font-size-adjust: none; font-kerning: auto; font-optical-sizing: auto; font-feature-settings: normal; font-variation-settings: normal; font-variant-position: normal; font-variant-emoji: normal; font-stretch: normal; font-size: 7pt; line-height: normal; font-family: &quot;Times New Roman&quot;;\">&nbsp;&nbsp;&nbsp;&nbsp;&nbsp;&nbsp;&nbsp;&nbsp;\n<\/span><\/span><!--[endif]--><strong><span lang=\"ES-EC\">\u00c9xito a nivel de clubes\nen Ecuador y el exterior<\/span><\/strong><span lang=\"ES-EC\">, destacando su paso\npor equipos como El Nacional, Liga de Quito, PSV Eindhoven (Pa\u00edses Bajos),\nAtl\u00e9tico Mineiro (Brasil) y Santa Fe (Colombia).<o:p><\/o:p><\/span><\/p><p style=\"margin-left:36.0pt;text-indent:-18.0pt;mso-list:l0 level1 lfo1;\ntab-stops:list 36.0pt\"><!--[if !supportLists]--><span lang=\"ES-EC\" style=\"font-size:\n10.0pt;mso-bidi-font-size:12.0pt;font-family:Symbol;mso-fareast-font-family:\nSymbol;mso-bidi-font-family:Symbol\">\u00b7<span style=\"font-variant-numeric: normal; font-variant-east-asian: normal; font-variant-alternates: normal; font-size-adjust: none; font-kerning: auto; font-optical-sizing: auto; font-feature-settings: normal; font-variation-settings: normal; font-variant-position: normal; font-variant-emoji: normal; font-stretch: normal; font-size: 7pt; line-height: normal; font-family: &quot;Times New Roman&quot;;\">&nbsp;&nbsp;&nbsp;&nbsp;&nbsp;&nbsp;&nbsp;&nbsp;\n<\/span><\/span><!--[endif]--><strong><span lang=\"ES-EC\">Campe\u00f3n con Liga de\nQuito en la Serie A de Ecuador y la Copa Sudamericana 2009<\/span><\/strong><span lang=\"ES-EC\">, consolid\u00e1ndose como un referente del f\u00fatbol nacional.<o:p><\/o:p><\/span><\/p><p><span lang=\"ES-EC\">Su calidad y liderazgo lo convirtieron en una pieza\nfundamental para el f\u00fatbol ecuatoriano, siendo admirado por su entrega y\nprofesionalismo dentro y fuera del campo.<o:p><\/o:p><\/span><\/p><p><span lang=\"ES-EC\">Tras su retiro como jugador profesional, \u00c9dison M\u00e9ndez ha\ncontinuado ligado al f\u00fatbol, ahora desde la direcci\u00f3n t\u00e9cnica y la formaci\u00f3n de\nnuevas generaciones de futbolistas en Ecuador. Durante 2023-2024, ha sido\nprotagonista en el desarrollo del f\u00fatbol formativo, dirigiendo equipos\njuveniles y contribuyendo a la evoluci\u00f3n t\u00e1ctica del f\u00fatbol ecuatoriano.<o:p><\/o:p><\/span><\/p><p><span lang=\"ES-EC\">Adem\u00e1s, ha participado activamente en programas de\ndesarrollo deportivo y ha trabajado en la capacitaci\u00f3n de nuevos entrenadores,\ncompartiendo su experiencia y conocimientos con futuras promesas del f\u00fatbol\nnacional. Su labor en la formaci\u00f3n de j\u00f3venes talentos ha sido clave para\nproyectar a Ecuador como una potencia futbol\u00edstica en Sudam\u00e9rica.<o:p><\/o:p><\/span><\/p><p><span lang=\"ES-EC\">Desde el ITESUT felicitamos a \u00c9dison M\u00e9ndez por su exitosa\ntrayectoria y su compromiso con el crecimiento del f\u00fatbol ecuatoriano. Su\nlegado es una fuente de inspiraci\u00f3n para las futuras generaciones, demostrando\nque la pasi\u00f3n por el f\u00fatbol no termina con el retiro, sino que contin\u00faa en la\nformaci\u00f3n de nuevos talentos.<o:p><\/o:p><\/span><\/p><p>\n\n\n\n\n\n\n\n\n\n\n\n\n\n\n\n\n\n\n\n<\/p><p><span lang=\"ES-EC\">\u00a1Felicidades, \u00c9dison! El ITESUT celebra tus logros y te\ndesea \u00e9xito en cada uno de tus proyectos futuros.<o:p><\/o:p><\/span><\/p>\t\t\t\t\t\t<\/div>\n\t\t\t\t<\/div>\n\t\t\t\t<\/div>\n\t\t<div class=\"elementor-element elementor-element-18aab61 e-con-full e-flex e-con e-child\" data-id=\"18aab61\" data-element_type=\"container\">\n\t\t\t\t<div class=\"elementor-element elementor-element-b9a7e06 elementor-widget elementor-widget-image\" data-id=\"b9a7e06\" data-element_type=\"widget\" data-widget_type=\"image.default\">\n\t\t\t\t<div class=\"elementor-widget-container\">\n\t\t\t\t\t\t\t\t\t\t\t\t\t<img decoding=\"async\" width=\"480\" height=\"320\" src=\"https:\/\/itesut.edu.ec\/wp-content\/uploads\/2025\/03\/Imagen1.jpg\" class=\"elementor-animation-pulse attachment-large size-large wp-image-4900\" alt=\"\" srcset=\"https:\/\/itesut.edu.ec\/wp-content\/uploads\/2025\/03\/Imagen1.jpg 480w, https:\/\/itesut.edu.ec\/wp-content\/uploads\/2025\/03\/Imagen1-300x200.jpg 300w, https:\/\/itesut.edu.ec\/wp-content\/uploads\/2025\/03\/Imagen1-64x43.jpg 64w\" sizes=\"(max-width: 480px) 100vw, 480px\" \/>\t\t\t\t\t\t\t\t\t\t\t\t\t<\/div>\n\t\t\t\t<\/div>\n\t\t\t\t<div class=\"elementor-element elementor-element-e29de45 elementor-widget elementor-widget-heading\" data-id=\"e29de45\" data-element_type=\"widget\" data-widget_type=\"heading.default\">\n\t\t\t\t<div class=\"elementor-widget-container\">\n\t\t\t<h2 class=\"elementor-heading-title elementor-size-default\"><p><strong><span lang=\"ES-EC\">\u00c9dison M\u00e9ndez: Un Legado de Gloria y Compromiso con\nel F\u00fatbol Ecuatoriano<\/span><\/strong><span lang=\"ES-EC\"><o:p><\/o:p><\/span><\/p><\/h2>\t\t<\/div>\n\t\t\t\t<\/div>\n\t\t\t\t<\/div>\n\t\t\t\t\t<\/div>\n\t\t\t\t<\/div>\n\t\t<div class=\"elementor-element elementor-element-6dd8fc9 e-flex e-con-boxed e-con e-parent\" data-id=\"6dd8fc9\" data-element_type=\"container\">\n\t\t\t\t\t<div class=\"e-con-inner\">\n\t\t<div class=\"elementor-element elementor-element-5b73b08 e-con-full e-flex e-con e-child\" data-id=\"5b73b08\" data-element_type=\"container\">\n\t\t\t\t<div class=\"elementor-element elementor-element-40ed4a5 elementor-widget elementor-widget-image\" data-id=\"40ed4a5\" data-element_type=\"widget\" data-widget_type=\"image.default\">\n\t\t\t\t<div class=\"elementor-widget-container\">\n\t\t\t\t\t\t\t\t\t\t\t\t\t<img loading=\"lazy\" decoding=\"async\" width=\"589\" height=\"393\" src=\"https:\/\/itesut.edu.ec\/wp-content\/uploads\/2025\/03\/Imagen2.jpg\" class=\"elementor-animation-pulse attachment-large size-large wp-image-4916\" alt=\"\" srcset=\"https:\/\/itesut.edu.ec\/wp-content\/uploads\/2025\/03\/Imagen2.jpg 589w, https:\/\/itesut.edu.ec\/wp-content\/uploads\/2025\/03\/Imagen2-300x200.jpg 300w, https:\/\/itesut.edu.ec\/wp-content\/uploads\/2025\/03\/Imagen2-64x43.jpg 64w\" sizes=\"(max-width: 589px) 100vw, 589px\" \/>\t\t\t\t\t\t\t\t\t\t\t\t\t<\/div>\n\t\t\t\t<\/div>\n\t\t\t\t<div class=\"elementor-element elementor-element-0f82257 elementor-widget elementor-widget-heading\" data-id=\"0f82257\" data-element_type=\"widget\" data-widget_type=\"heading.default\">\n\t\t\t\t<div class=\"elementor-widget-container\">\n\t\t\t<h2 class=\"elementor-heading-title elementor-size-default\"><span lang=\"ES-EC\" style=\"font-size:12.0pt;font-family:\n&quot;Times New Roman&quot;,serif;mso-fareast-font-family:&quot;Times New Roman&quot;;mso-font-kerning:\n0pt;mso-ligatures:none;mso-ansi-language:ES-EC;mso-fareast-language:ES-MX;\nmso-bidi-language:AR-SA\"><br clear=\"all\" style=\"page-break-before:always\">\n<\/span>\n\n<p><strong><span lang=\"ES-EC\">Luis Humberto Lalama: Gesti\u00f3n y Liderazgo en la\nMovilidad Urbana<\/span><\/strong><span lang=\"ES-EC\"><o:p><\/o:p><\/span><\/p><\/h2>\t\t<\/div>\n\t\t\t\t<\/div>\n\t\t\t\t<\/div>\n\t\t<div class=\"elementor-element elementor-element-a7b2f28 e-con-full e-flex e-con e-child\" data-id=\"a7b2f28\" data-element_type=\"container\">\n\t\t\t\t<div class=\"elementor-element elementor-element-593ab70 elementor-widget elementor-widget-text-editor\" data-id=\"593ab70\" data-element_type=\"widget\" data-widget_type=\"text-editor.default\">\n\t\t\t\t<div class=\"elementor-widget-container\">\n\t\t\t\t\t\t\t<p><span lang=\"ES-EC\">El ITESUT se complace en reconocer la trayectoria y los logros de Luis Humberto Lalama, exdirector de la Agencia de Tr\u00e1nsito Municipal (ATM) de Guayaquil. Su liderazgo y compromiso con la movilidad urbana han dejado una huella significativa en la modernizaci\u00f3n del sistema de tr\u00e1nsito en la ciudad, contribuyendo al desarrollo de una movilidad m\u00e1s segura y eficiente para todos los ciudadanos.<\/span><\/p>\n<p><span lang=\"ES-EC\">Luis Humberto Lalama ha sido un referente en la planificaci\u00f3n y gesti\u00f3n del transporte en Ecuador, destac\u00e1ndose en m\u00faltiples proyectos de movilidad sostenible y seguridad vial. Entre sus principales logros se incluyen:<\/span><\/p>\n<p style=\"margin-left: 36.0pt; text-indent: -18.0pt; mso-list: l0 level1 lfo1; tab-stops: list 36.0pt;\"><!-- [if !supportLists]--><span lang=\"ES-EC\" style=\"font-size: 10.0pt; mso-bidi-font-size: 12.0pt; font-family: Symbol; mso-fareast-font-family: Symbol; mso-bidi-font-family: Symbol;\">\u00b7<span style=\"font-variant-numeric: normal; font-variant-east-asian: normal; font-variant-alternates: normal; font-size-adjust: none; font-kerning: auto; font-optical-sizing: auto; font-feature-settings: normal; font-variation-settings: normal; font-variant-position: normal; font-variant-emoji: normal; font-stretch: normal; font-size: 7pt; line-height: normal; font-family: 'Times New Roman';\">\u00a0\u00a0\u00a0\u00a0\u00a0\u00a0\u00a0\u00a0 <\/span><\/span><!--[endif]--><strong><span lang=\"ES-EC\">Modernizaci\u00f3n del sistema de semaforizaci\u00f3n inteligente en Guayaquil<\/span><\/strong><span lang=\"ES-EC\">, implementando tecnolog\u00eda avanzada para optimizar el flujo vehicular y reducir los tiempos de desplazamiento.<\/span><\/p>\n<p style=\"margin-left: 36.0pt; text-indent: -18.0pt; mso-list: l0 level1 lfo1; tab-stops: list 36.0pt;\"><!-- [if !supportLists]--><span lang=\"ES-EC\" style=\"font-size: 10.0pt; mso-bidi-font-size: 12.0pt; font-family: Symbol; mso-fareast-font-family: Symbol; mso-bidi-font-family: Symbol;\">\u00b7<span style=\"font-variant-numeric: normal; font-variant-east-asian: normal; font-variant-alternates: normal; font-size-adjust: none; font-kerning: auto; font-optical-sizing: auto; font-feature-settings: normal; font-variation-settings: normal; font-variant-position: normal; font-variant-emoji: normal; font-stretch: normal; font-size: 7pt; line-height: normal; font-family: 'Times New Roman';\">\u00a0\u00a0\u00a0\u00a0\u00a0\u00a0\u00a0\u00a0 <\/span><\/span><!--[endif]--><strong><span lang=\"ES-EC\">Reestructuraci\u00f3n del sistema de transporte p\u00fablico<\/span><\/strong><span lang=\"ES-EC\">, mejorando rutas y accesibilidad para una mayor eficiencia en la movilidad urbana.<\/span><\/p>\n<p style=\"margin-left: 36.0pt; text-indent: -18.0pt; mso-list: l0 level1 lfo1; tab-stops: list 36.0pt;\"><!-- [if !supportLists]--><span lang=\"ES-EC\" style=\"font-size: 10.0pt; mso-bidi-font-size: 12.0pt; font-family: Symbol; mso-fareast-font-family: Symbol; mso-bidi-font-family: Symbol;\">\u00b7<span style=\"font-variant-numeric: normal; font-variant-east-asian: normal; font-variant-alternates: normal; font-size-adjust: none; font-kerning: auto; font-optical-sizing: auto; font-feature-settings: normal; font-variation-settings: normal; font-variant-position: normal; font-variant-emoji: normal; font-stretch: normal; font-size: 7pt; line-height: normal; font-family: 'Times New Roman';\">\u00a0\u00a0\u00a0\u00a0\u00a0\u00a0\u00a0\u00a0 <\/span><\/span><!--[endif]--><strong><span lang=\"ES-EC\">Programas de educaci\u00f3n vial<\/span><\/strong><span lang=\"ES-EC\">, dirigidos a la ciudadan\u00eda y enfocados en la concienciaci\u00f3n sobre la seguridad en el tr\u00e1nsito.<\/span><\/p>\n<p style=\"margin-left: 36.0pt; text-indent: -18.0pt; mso-list: l0 level1 lfo1; tab-stops: list 36.0pt;\"><!-- [if !supportLists]--><span lang=\"ES-EC\" style=\"font-size: 10.0pt; mso-bidi-font-size: 12.0pt; font-family: Symbol; mso-fareast-font-family: Symbol; mso-bidi-font-family: Symbol;\">\u00b7<span style=\"font-variant-numeric: normal; font-variant-east-asian: normal; font-variant-alternates: normal; font-size-adjust: none; font-kerning: auto; font-optical-sizing: auto; font-feature-settings: normal; font-variation-settings: normal; font-variant-position: normal; font-variant-emoji: normal; font-stretch: normal; font-size: 7pt; line-height: normal; font-family: 'Times New Roman';\">\u00a0\u00a0\u00a0\u00a0\u00a0\u00a0\u00a0\u00a0 <\/span><\/span><!--[endif]--><strong><span lang=\"ES-EC\">Gesti\u00f3n de operativos de control y reducci\u00f3n de accidentes de tr\u00e1nsito<\/span><\/strong><span lang=\"ES-EC\">, aplicando estrategias de prevenci\u00f3n y fiscalizaci\u00f3n con tecnolog\u00eda de punta.<\/span><\/p>\n<p><span lang=\"ES-EC\">Su experiencia y visi\u00f3n estrat\u00e9gica permitieron que Guayaquil avanzara hacia una movilidad m\u00e1s ordenada y sostenible, sentando las bases para futuras mejoras en el sistema de tr\u00e1nsito de la ciudad.<\/span><\/p>\n<p><span lang=\"ES-EC\">En el per\u00edodo 2023-2024, Luis Humberto Lalama ha continuado contribuyendo al desarrollo del transporte y la movilidad urbana en Ecuador. Se ha desempe\u00f1ado como consultor en proyectos de infraestructura vial y transporte, asesorando a gobiernos locales y entidades privadas en la optimizaci\u00f3n de la movilidad urbana.<\/span><\/p>\n<p><span lang=\"ES-EC\">Adem\u00e1s, ha participado en foros internacionales sobre movilidad sostenible, promoviendo el uso de nuevas tecnolog\u00edas para mejorar la seguridad vial y la eficiencia del transporte p\u00fablico. Su experiencia sigue siendo clave para la planificaci\u00f3n de ciudades m\u00e1s seguras y accesibles.<\/span><\/p>\n<p><span lang=\"ES-EC\">Desde el ITESUT felicitamos a Luis Humberto Lalama por su exitosa trayectoria y su compromiso con el desarrollo del tr\u00e1nsito y la movilidad en Ecuador. Su trabajo es un ejemplo de liderazgo y visi\u00f3n en la gesti\u00f3n urbana, inspirando a nuevas generaciones de profesionales en el campo del transporte y la movilidad.<\/span><\/p>\n<p>\u00a0<\/p>\n<p><span lang=\"ES-EC\">\u00a1Felicidades, Luis Humberto! El ITESUT celebra tus logros y te desea \u00e9xito en cada uno de tus proyectos futuros.<\/span><\/p>\t\t\t\t\t\t<\/div>\n\t\t\t\t<\/div>\n\t\t\t\t<\/div>\n\t\t\t\t\t<\/div>\n\t\t\t\t<\/div>\n\t\t<div class=\"elementor-element elementor-element-ef5f047 e-flex e-con-boxed e-con e-parent\" data-id=\"ef5f047\" data-element_type=\"container\">\n\t\t\t\t\t<div class=\"e-con-inner\">\n\t\t<div class=\"elementor-element elementor-element-c5d7cd9 e-con-full e-flex e-con e-child\" data-id=\"c5d7cd9\" data-element_type=\"container\">\n\t\t\t\t<div class=\"elementor-element elementor-element-5f30766 elementor-widget elementor-widget-text-editor\" data-id=\"5f30766\" data-element_type=\"widget\" data-widget_type=\"text-editor.default\">\n\t\t\t\t<div class=\"elementor-widget-container\">\n\t\t\t\t\t\t\t<p><span lang=\"ES-EC\">El ITESUT se complace en reconocer la trayectoria y los logros de Sandro Borja, exarquero profesional que defendi\u00f3 los colores de varios equipos ecuatorianos, entre ellos Deportivo Quito, y fue parte de la Selecci\u00f3n de Ecuador. Su liderazgo, reflejos y habilidades bajo los tres palos lo convirtieron en un referente del f\u00fatbol ecuatoriano, dejando una huella imborrable en la historia del balompi\u00e9 nacional.<\/span><\/p>\n<p><span lang=\"ES-EC\">Sandro Borja fue un arquero de gran talento y seguridad, reconocido por su capacidad para enfrentar situaciones de alta presi\u00f3n y ser un pilar en la defensa de su equipo. A lo largo de su carrera profesional, alcanz\u00f3 importantes hitos, entre los cuales destacan:<\/span><\/p>\n<p style=\"margin-left: 36.0pt; text-indent: -18.0pt; mso-list: l0 level1 lfo1; tab-stops: list 36.0pt;\"><!-- [if !supportLists]--><span lang=\"ES-EC\" style=\"font-size: 10.0pt; mso-bidi-font-size: 12.0pt; font-family: Symbol; mso-fareast-font-family: Symbol; mso-bidi-font-family: Symbol;\">\u00b7<span style=\"font-variant-numeric: normal; font-variant-east-asian: normal; font-variant-alternates: normal; font-size-adjust: none; font-kerning: auto; font-optical-sizing: auto; font-feature-settings: normal; font-variation-settings: normal; font-variant-position: normal; font-variant-emoji: normal; font-stretch: normal; font-size: 7pt; line-height: normal; font-family: 'Times New Roman';\">\u00a0\u00a0\u00a0\u00a0\u00a0\u00a0\u00a0\u00a0 <\/span><\/span><!--[endif]--><strong><span lang=\"ES-EC\">Defendi\u00f3 la porter\u00eda de importantes clubes ecuatorianos<\/span><\/strong><span lang=\"ES-EC\">, destac\u00e1ndose en Deportivo Quito, donde se convirti\u00f3 en un \u00edcono del equipo.<\/span><\/p>\n<p style=\"margin-left: 36.0pt; text-indent: -18.0pt; mso-list: l0 level1 lfo1; tab-stops: list 36.0pt;\"><!-- [if !supportLists]--><span lang=\"ES-EC\" style=\"font-size: 10.0pt; mso-bidi-font-size: 12.0pt; font-family: Symbol; mso-fareast-font-family: Symbol; mso-bidi-font-family: Symbol;\">\u00b7<span style=\"font-variant-numeric: normal; font-variant-east-asian: normal; font-variant-alternates: normal; font-size-adjust: none; font-kerning: auto; font-optical-sizing: auto; font-feature-settings: normal; font-variation-settings: normal; font-variant-position: normal; font-variant-emoji: normal; font-stretch: normal; font-size: 7pt; line-height: normal; font-family: 'Times New Roman';\">\u00a0\u00a0\u00a0\u00a0\u00a0\u00a0\u00a0\u00a0 <\/span><\/span><!--[endif]--><strong><span lang=\"ES-EC\">Represent\u00f3 a la Selecci\u00f3n Ecuatoriana de F\u00fatbol<\/span><\/strong><span lang=\"ES-EC\">, siendo convocado en varias ocasiones y demostrando su nivel en competencias internacionales.<\/span><\/p>\n<p style=\"margin-left: 36.0pt; text-indent: -18.0pt; mso-list: l0 level1 lfo1; tab-stops: list 36.0pt;\"><!-- [if !supportLists]--><span lang=\"ES-EC\" style=\"font-size: 10.0pt; mso-bidi-font-size: 12.0pt; font-family: Symbol; mso-fareast-font-family: Symbol; mso-bidi-font-family: Symbol;\">\u00b7<span style=\"font-variant-numeric: normal; font-variant-east-asian: normal; font-variant-alternates: normal; font-size-adjust: none; font-kerning: auto; font-optical-sizing: auto; font-feature-settings: normal; font-variation-settings: normal; font-variant-position: normal; font-variant-emoji: normal; font-stretch: normal; font-size: 7pt; line-height: normal; font-family: 'Times New Roman';\">\u00a0\u00a0\u00a0\u00a0\u00a0\u00a0\u00a0\u00a0 <\/span><\/span><!--[endif]--><strong><span lang=\"ES-EC\">Campe\u00f3n en torneos nacionales<\/span><\/strong><span lang=\"ES-EC\">, contribuyendo con atajadas decisivas en momentos clave.<\/span><\/p>\n<p style=\"margin-left: 36.0pt; text-indent: -18.0pt; mso-list: l0 level1 lfo1; tab-stops: list 36.0pt;\"><!-- [if !supportLists]--><span lang=\"ES-EC\" style=\"font-size: 10.0pt; mso-bidi-font-size: 12.0pt; font-family: Symbol; mso-fareast-font-family: Symbol; mso-bidi-font-family: Symbol;\">\u00b7<span style=\"font-variant-numeric: normal; font-variant-east-asian: normal; font-variant-alternates: normal; font-size-adjust: none; font-kerning: auto; font-optical-sizing: auto; font-feature-settings: normal; font-variation-settings: normal; font-variant-position: normal; font-variant-emoji: normal; font-stretch: normal; font-size: 7pt; line-height: normal; font-family: 'Times New Roman';\">\u00a0\u00a0\u00a0\u00a0\u00a0\u00a0\u00a0\u00a0 <\/span><\/span><!--[endif]--><strong><span lang=\"ES-EC\">Referente en la formaci\u00f3n de arqueros j\u00f3venes<\/span><\/strong><span lang=\"ES-EC\">, transmitiendo su experiencia y conocimiento a nuevas generaciones del f\u00fatbol ecuatoriano.<\/span><\/p>\n<p><span lang=\"ES-EC\">Su disciplina y profesionalismo lo convirtieron en un ejemplo dentro y fuera de la cancha, inspirando a futuras generaciones de guardametas en Ecuador.<\/span><\/p>\n<p><span lang=\"ES-EC\">Tras su retiro del f\u00fatbol profesional, Sandro Borja ha continuado ligado al deporte, enfoc\u00e1ndose en el desarrollo y la formaci\u00f3n de nuevos talentos. Durante 2023-2024, ha sido parte fundamental en la preparaci\u00f3n de arqueros juveniles en diversas academias y clubes ecuatorianos, brindando su experiencia y conocimientos para fortalecer el nivel de los futuros porteros del pa\u00eds.<\/span><\/p>\n<p><span lang=\"ES-EC\">Adem\u00e1s, ha participado en programas de capacitaci\u00f3n para entrenadores de arqueros y ha sido ponente en eventos deportivos sobre la evoluci\u00f3n de la posici\u00f3n de arquero en el f\u00fatbol moderno. Su compromiso con el crecimiento del deporte ecuatoriano sigue vigente, demostrando que su legado no se limita solo a su etapa como jugador.<\/span><\/p>\n<p><span lang=\"ES-EC\">Desde el ITESUT felicitamos a Sandro Borja por su destacada trayectoria y su compromiso con la formaci\u00f3n de nuevas generaciones de futbolistas. Su dedicaci\u00f3n y pasi\u00f3n por el f\u00fatbol ecuatoriano contin\u00faan marcando la diferencia.<\/span><\/p>\n<p>\u00a0<\/p>\n<p><span lang=\"ES-EC\">\u00a1Felicidades, Sandro! El ITESUT celebra tus logros y te desea \u00e9xito en cada uno de tus proyectos futuros.<\/span><\/p>\t\t\t\t\t\t<\/div>\n\t\t\t\t<\/div>\n\t\t\t\t<\/div>\n\t\t<div class=\"elementor-element elementor-element-90831b7 e-con-full e-flex e-con e-child\" data-id=\"90831b7\" data-element_type=\"container\">\n\t\t\t\t<div class=\"elementor-element elementor-element-5567a7f elementor-widget elementor-widget-image\" data-id=\"5567a7f\" data-element_type=\"widget\" data-widget_type=\"image.default\">\n\t\t\t\t<div class=\"elementor-widget-container\">\n\t\t\t\t\t\t\t\t\t\t\t\t\t<img loading=\"lazy\" decoding=\"async\" width=\"578\" height=\"867\" src=\"https:\/\/itesut.edu.ec\/wp-content\/uploads\/2025\/03\/Imagen3.jpg\" class=\"attachment-large size-large wp-image-4920\" alt=\"\" srcset=\"https:\/\/itesut.edu.ec\/wp-content\/uploads\/2025\/03\/Imagen3.jpg 578w, https:\/\/itesut.edu.ec\/wp-content\/uploads\/2025\/03\/Imagen3-200x300.jpg 200w, https:\/\/itesut.edu.ec\/wp-content\/uploads\/2025\/03\/Imagen3-64x96.jpg 64w\" sizes=\"(max-width: 578px) 100vw, 578px\" \/>\t\t\t\t\t\t\t\t\t\t\t\t\t<\/div>\n\t\t\t\t<\/div>\n\t\t\t\t<div class=\"elementor-element elementor-element-9e3a2cf elementor-widget elementor-widget-heading\" data-id=\"9e3a2cf\" data-element_type=\"widget\" data-widget_type=\"heading.default\">\n\t\t\t\t<div class=\"elementor-widget-container\">\n\t\t\t<h2 class=\"elementor-heading-title elementor-size-default\"><span lang=\"ES-EC\" style=\"font-size:12.0pt;font-family:\n&quot;Times New Roman&quot;,serif;mso-fareast-font-family:&quot;Times New Roman&quot;;mso-font-kerning:\n0pt;mso-ligatures:none;mso-ansi-language:ES-EC;mso-fareast-language:ES-MX;\nmso-bidi-language:AR-SA\"><br clear=\"all\" style=\"page-break-before:always\">\n<\/span>\n\n<p><strong><span lang=\"ES-EC\">Sandro Borja: Un Guardi\u00e1n del Arco y Referente del\nF\u00fatbol Ecuatoriano<o:p><\/o:p><\/span><\/strong><\/p><\/h2>\t\t<\/div>\n\t\t\t\t<\/div>\n\t\t\t\t<\/div>\n\t\t\t\t\t<\/div>\n\t\t\t\t<\/div>\n\t\t<div class=\"elementor-element elementor-element-1be62f2 e-flex e-con-boxed e-con e-parent\" data-id=\"1be62f2\" data-element_type=\"container\">\n\t\t\t\t\t<div class=\"e-con-inner\">\n\t\t<div class=\"elementor-element elementor-element-3c71477 e-con-full e-flex e-con e-child\" data-id=\"3c71477\" data-element_type=\"container\">\n\t\t\t\t<div class=\"elementor-element elementor-element-a14ecfa elementor-widget elementor-widget-image\" data-id=\"a14ecfa\" data-element_type=\"widget\" data-widget_type=\"image.default\">\n\t\t\t\t<div class=\"elementor-widget-container\">\n\t\t\t\t\t\t\t\t\t\t\t\t\t<img loading=\"lazy\" decoding=\"async\" width=\"401\" height=\"601\" src=\"https:\/\/itesut.edu.ec\/wp-content\/uploads\/2025\/03\/Imagen4-1.jpg\" class=\"attachment-large size-large wp-image-4922\" alt=\"\" srcset=\"https:\/\/itesut.edu.ec\/wp-content\/uploads\/2025\/03\/Imagen4-1.jpg 401w, https:\/\/itesut.edu.ec\/wp-content\/uploads\/2025\/03\/Imagen4-1-200x300.jpg 200w, https:\/\/itesut.edu.ec\/wp-content\/uploads\/2025\/03\/Imagen4-1-64x96.jpg 64w\" sizes=\"(max-width: 401px) 100vw, 401px\" \/>\t\t\t\t\t\t\t\t\t\t\t\t\t<\/div>\n\t\t\t\t<\/div>\n\t\t\t\t<div class=\"elementor-element elementor-element-e697b1e elementor-widget elementor-widget-heading\" data-id=\"e697b1e\" data-element_type=\"widget\" data-widget_type=\"heading.default\">\n\t\t\t\t<div class=\"elementor-widget-container\">\n\t\t\t<h2 class=\"elementor-heading-title elementor-size-default\"><p><strong><span lang=\"ES-EC\">Dar\u00edo Pazmi\u00f1o: Talento y Compromiso en el F\u00fatbol\nEcuatoriano<\/span><\/strong><span lang=\"ES-EC\"><o:p><\/o:p><\/span><\/p><\/h2>\t\t<\/div>\n\t\t\t\t<\/div>\n\t\t\t\t<\/div>\n\t\t<div class=\"elementor-element elementor-element-5ff3a0f e-con-full e-flex e-con e-child\" data-id=\"5ff3a0f\" data-element_type=\"container\">\n\t\t\t\t<div class=\"elementor-element elementor-element-29af41b elementor-widget elementor-widget-text-editor\" data-id=\"29af41b\" data-element_type=\"widget\" data-widget_type=\"text-editor.default\">\n\t\t\t\t<div class=\"elementor-widget-container\">\n\t\t\t\t\t\t\t<p><span lang=\"ES-EC\">El ITESUT se enorgullece en reconocer la trayectoria y los logros de Dar\u00edo Pazmi\u00f1o, actual jugador profesional del Club El Nacional. Su dedicaci\u00f3n, talento y disciplina en el terreno de juego lo han convertido en una pieza clave para su equipo y en un referente del f\u00fatbol ecuatoriano en la actualidad.<\/span><\/p>\n<p><span lang=\"ES-EC\">Dar\u00edo Pazmi\u00f1o ha demostrado ser un jugador vers\u00e1til y de gran entrega dentro del campo. A lo largo de su carrera ha alcanzado importantes hitos, entre ellos:<\/span><\/p>\n<p style=\"margin-left: 36.0pt; text-indent: -18.0pt; mso-list: l0 level1 lfo1; tab-stops: list 36.0pt;\"><!-- [if !supportLists]--><span lang=\"ES-EC\" style=\"font-size: 10.0pt; mso-bidi-font-size: 12.0pt; font-family: Symbol; mso-fareast-font-family: Symbol; mso-bidi-font-family: Symbol;\">\u00b7<span style=\"font-variant-numeric: normal; font-variant-east-asian: normal; font-variant-alternates: normal; font-size-adjust: none; font-kerning: auto; font-optical-sizing: auto; font-feature-settings: normal; font-variation-settings: normal; font-variant-position: normal; font-variant-emoji: normal; font-stretch: normal; font-size: 7pt; line-height: normal; font-family: 'Times New Roman';\">\u00a0\u00a0\u00a0\u00a0\u00a0\u00a0\u00a0\u00a0 <\/span><\/span><!--[endif]--><strong><span lang=\"ES-EC\">Jugador destacado del Club El Nacional<\/span><\/strong><span lang=\"ES-EC\">, consolid\u00e1ndose como una pieza fundamental en el equipo.<\/span><\/p>\n<p style=\"margin-left: 36.0pt; text-indent: -18.0pt; mso-list: l0 level1 lfo1; tab-stops: list 36.0pt;\"><!-- [if !supportLists]--><span lang=\"ES-EC\" style=\"font-size: 10.0pt; mso-bidi-font-size: 12.0pt; font-family: Symbol; mso-fareast-font-family: Symbol; mso-bidi-font-family: Symbol;\">\u00b7<span style=\"font-variant-numeric: normal; font-variant-east-asian: normal; font-variant-alternates: normal; font-size-adjust: none; font-kerning: auto; font-optical-sizing: auto; font-feature-settings: normal; font-variation-settings: normal; font-variant-position: normal; font-variant-emoji: normal; font-stretch: normal; font-size: 7pt; line-height: normal; font-family: 'Times New Roman';\">\u00a0\u00a0\u00a0\u00a0\u00a0\u00a0\u00a0\u00a0 <\/span><\/span><!--[endif]--><strong><span lang=\"ES-EC\">Participaci\u00f3n en torneos nacionales e internacionales<\/span><\/strong><span lang=\"ES-EC\">, representando a su club en competiciones de alto nivel.<\/span><\/p>\n<p style=\"margin-left: 36.0pt; text-indent: -18.0pt; mso-list: l0 level1 lfo1; tab-stops: list 36.0pt;\"><!-- [if !supportLists]--><span lang=\"ES-EC\" style=\"font-size: 10.0pt; mso-bidi-font-size: 12.0pt; font-family: Symbol; mso-fareast-font-family: Symbol; mso-bidi-font-family: Symbol;\">\u00b7<span style=\"font-variant-numeric: normal; font-variant-east-asian: normal; font-variant-alternates: normal; font-size-adjust: none; font-kerning: auto; font-optical-sizing: auto; font-feature-settings: normal; font-variation-settings: normal; font-variant-position: normal; font-variant-emoji: normal; font-stretch: normal; font-size: 7pt; line-height: normal; font-family: 'Times New Roman';\">\u00a0\u00a0\u00a0\u00a0\u00a0\u00a0\u00a0\u00a0 <\/span><\/span><!--[endif]--><strong><span lang=\"ES-EC\">Reconocido por su rendimiento en el mediocampo y su visi\u00f3n de juego<\/span><\/strong><span lang=\"ES-EC\">, destac\u00e1ndose en la generaci\u00f3n ofensiva y en la recuperaci\u00f3n del bal\u00f3n.<\/span><\/p>\n<p style=\"margin-left: 36.0pt; text-indent: -18.0pt; mso-list: l0 level1 lfo1; tab-stops: list 36.0pt;\"><!-- [if !supportLists]--><span lang=\"ES-EC\" style=\"font-size: 10.0pt; mso-bidi-font-size: 12.0pt; font-family: Symbol; mso-fareast-font-family: Symbol; mso-bidi-font-family: Symbol;\">\u00b7<span style=\"font-variant-numeric: normal; font-variant-east-asian: normal; font-variant-alternates: normal; font-size-adjust: none; font-kerning: auto; font-optical-sizing: auto; font-feature-settings: normal; font-variation-settings: normal; font-variant-position: normal; font-variant-emoji: normal; font-stretch: normal; font-size: 7pt; line-height: normal; font-family: 'Times New Roman';\">\u00a0\u00a0\u00a0\u00a0\u00a0\u00a0\u00a0\u00a0 <\/span><\/span><!--[endif]--><strong><span lang=\"ES-EC\">Liderazgo dentro y fuera de la cancha<\/span><\/strong><span lang=\"ES-EC\">, siendo un ejemplo de profesionalismo y compromiso con el equipo.<\/span><\/p>\n<p><span lang=\"ES-EC\">Su crecimiento como futbolista ha sido constante, demostrando su capacidad de adaptaci\u00f3n y evoluci\u00f3n en cada temporada.<\/span><\/p>\n<p><span lang=\"ES-EC\">Durante el per\u00edodo 2023-2024, Dar\u00edo Pazmi\u00f1o ha continuado siendo un pilar fundamental en el esquema de juego de El Nacional. Ha tenido un desempe\u00f1o destacado en la LigaPro ecuatoriana, contribuyendo con asistencias clave y goles importantes para su equipo.<\/span><\/p>\n<p><span lang=\"ES-EC\">Adem\u00e1s, ha sido parte de programas de formaci\u00f3n y desarrollo de j\u00f3venes talentos, compartiendo su experiencia con nuevas generaciones de futbolistas. Su compromiso con el f\u00fatbol ecuatoriano no solo se refleja en su desempe\u00f1o dentro de la cancha, sino tambi\u00e9n en su aporte al crecimiento del deporte en el pa\u00eds.<\/span><\/p>\n<p><span lang=\"ES-EC\">Desde el ITESUT felicitamos a Dar\u00edo Pazmi\u00f1o por su destacada trayectoria y su constante esfuerzo por alcanzar la excelencia en el f\u00fatbol ecuatoriano. Su dedicaci\u00f3n es una inspiraci\u00f3n para muchos j\u00f3venes que sue\u00f1an con llegar al f\u00fatbol profesional.<\/span><\/p>\n<p>\u00a0<\/p>\n<p><span lang=\"ES-EC\">\u00a1Felicidades, Dar\u00edo! El ITESUT celebra tus logros y te desea \u00e9xito en cada uno de tus proyectos futuros.<\/span><\/p>\t\t\t\t\t\t<\/div>\n\t\t\t\t<\/div>\n\t\t\t\t<\/div>\n\t\t\t\t\t<\/div>\n\t\t\t\t<\/div>\n\t\t<div class=\"elementor-element elementor-element-4fb68ed e-flex e-con-boxed e-con e-parent\" data-id=\"4fb68ed\" data-element_type=\"container\">\n\t\t\t\t\t<div class=\"e-con-inner\">\n\t\t<div class=\"elementor-element elementor-element-5186c66 e-con-full e-flex e-con e-child\" data-id=\"5186c66\" data-element_type=\"container\">\n\t\t\t\t<div class=\"elementor-element elementor-element-155ccb1 elementor-widget elementor-widget-text-editor\" data-id=\"155ccb1\" data-element_type=\"widget\" data-widget_type=\"text-editor.default\">\n\t\t\t\t<div class=\"elementor-widget-container\">\n\t\t\t\t\t\t\t<p><span lang=\"ES-EC\">El ITESUT se complace en reconocer la destacada trayectoria y los logros del General C\u00e9sar Zapata Correa, ex Comandante General de la Polic\u00eda Nacional del Ecuador. Su liderazgo y dedicaci\u00f3n al servicio de la seguridad y el bienestar ciudadano han sido fundamentales para fortalecer la institucionalidad y la lucha contra el crimen en el pa\u00eds.<\/span><\/p>\n<p><span lang=\"ES-EC\">A lo largo de su carrera en la Polic\u00eda Nacional, el General C\u00e9sar Zapata Correa ha sido un referente en la implementaci\u00f3n de estrategias de seguridad y modernizaci\u00f3n de la fuerza policial. Entre sus principales logros destacan:<\/span><\/p>\n<p style=\"margin-left: 36.0pt; text-indent: -18.0pt; mso-list: l0 level1 lfo1; tab-stops: list 36.0pt;\"><!-- [if !supportLists]--><span lang=\"ES-EC\" style=\"font-size: 10.0pt; mso-bidi-font-size: 12.0pt; font-family: Symbol; mso-fareast-font-family: Symbol; mso-bidi-font-family: Symbol;\">\u00b7<span style=\"font-variant-numeric: normal; font-variant-east-asian: normal; font-variant-alternates: normal; font-size-adjust: none; font-kerning: auto; font-optical-sizing: auto; font-feature-settings: normal; font-variation-settings: normal; font-variant-position: normal; font-variant-emoji: normal; font-stretch: normal; font-size: 7pt; line-height: normal; font-family: 'Times New Roman';\">\u00a0\u00a0\u00a0\u00a0\u00a0\u00a0\u00a0\u00a0 <\/span><\/span><!--[endif]--><strong><span lang=\"ES-EC\">Comandante General de la Polic\u00eda Nacional del Ecuador<\/span><\/strong><span lang=\"ES-EC\">, liderando importantes operaciones de seguridad a nivel nacional.<\/span><\/p>\n<p style=\"margin-left: 36.0pt; text-indent: -18.0pt; mso-list: l0 level1 lfo1; tab-stops: list 36.0pt;\"><!-- [if !supportLists]--><span lang=\"ES-EC\" style=\"font-size: 10.0pt; mso-bidi-font-size: 12.0pt; font-family: Symbol; mso-fareast-font-family: Symbol; mso-bidi-font-family: Symbol;\">\u00b7<span style=\"font-variant-numeric: normal; font-variant-east-asian: normal; font-variant-alternates: normal; font-size-adjust: none; font-kerning: auto; font-optical-sizing: auto; font-feature-settings: normal; font-variation-settings: normal; font-variant-position: normal; font-variant-emoji: normal; font-stretch: normal; font-size: 7pt; line-height: normal; font-family: 'Times New Roman';\">\u00a0\u00a0\u00a0\u00a0\u00a0\u00a0\u00a0\u00a0 <\/span><\/span><!--[endif]--><strong><span lang=\"ES-EC\">Fortalecimiento de la lucha contra el crimen organizado<\/span><\/strong><span lang=\"ES-EC\">, mediante la planificaci\u00f3n e implementaci\u00f3n de estrategias de inteligencia y operativos conjuntos.<\/span><\/p>\n<p style=\"margin-left: 36.0pt; text-indent: -18.0pt; mso-list: l0 level1 lfo1; tab-stops: list 36.0pt;\"><!-- [if !supportLists]--><span lang=\"ES-EC\" style=\"font-size: 10.0pt; mso-bidi-font-size: 12.0pt; font-family: Symbol; mso-fareast-font-family: Symbol; mso-bidi-font-family: Symbol;\">\u00b7<span style=\"font-variant-numeric: normal; font-variant-east-asian: normal; font-variant-alternates: normal; font-size-adjust: none; font-kerning: auto; font-optical-sizing: auto; font-feature-settings: normal; font-variation-settings: normal; font-variant-position: normal; font-variant-emoji: normal; font-stretch: normal; font-size: 7pt; line-height: normal; font-family: 'Times New Roman';\">\u00a0\u00a0\u00a0\u00a0\u00a0\u00a0\u00a0\u00a0 <\/span><\/span><!--[endif]--><strong><span lang=\"ES-EC\">Modernizaci\u00f3n y capacitaci\u00f3n de la Polic\u00eda Nacional<\/span><\/strong><span lang=\"ES-EC\">, impulsando programas de formaci\u00f3n y profesionalizaci\u00f3n para mejorar el desempe\u00f1o de los agentes en el campo.<\/span><\/p>\n<p style=\"margin-left: 36.0pt; text-indent: -18.0pt; mso-list: l0 level1 lfo1; tab-stops: list 36.0pt;\"><!-- [if !supportLists]--><span lang=\"ES-EC\" style=\"font-size: 10.0pt; mso-bidi-font-size: 12.0pt; font-family: Symbol; mso-fareast-font-family: Symbol; mso-bidi-font-family: Symbol;\">\u00b7<span style=\"font-variant-numeric: normal; font-variant-east-asian: normal; font-variant-alternates: normal; font-size-adjust: none; font-kerning: auto; font-optical-sizing: auto; font-feature-settings: normal; font-variation-settings: normal; font-variant-position: normal; font-variant-emoji: normal; font-stretch: normal; font-size: 7pt; line-height: normal; font-family: 'Times New Roman';\">\u00a0\u00a0\u00a0\u00a0\u00a0\u00a0\u00a0\u00a0 <\/span><\/span><!--[endif]--><strong><span lang=\"ES-EC\">Reforzamiento de la seguridad ciudadana<\/span><\/strong><span lang=\"ES-EC\">, promoviendo la cercan\u00eda con la comunidad y el trabajo conjunto con instituciones p\u00fablicas y privadas.<\/span><\/p>\n<p style=\"margin-left: 36.0pt; text-indent: -18.0pt; mso-list: l0 level1 lfo1; tab-stops: list 36.0pt;\"><!-- [if !supportLists]--><span lang=\"ES-EC\" style=\"font-size: 10.0pt; mso-bidi-font-size: 12.0pt; font-family: Symbol; mso-fareast-font-family: Symbol; mso-bidi-font-family: Symbol;\">\u00b7<span style=\"font-variant-numeric: normal; font-variant-east-asian: normal; font-variant-alternates: normal; font-size-adjust: none; font-kerning: auto; font-optical-sizing: auto; font-feature-settings: normal; font-variation-settings: normal; font-variant-position: normal; font-variant-emoji: normal; font-stretch: normal; font-size: 7pt; line-height: normal; font-family: 'Times New Roman';\">\u00a0\u00a0\u00a0\u00a0\u00a0\u00a0\u00a0\u00a0 <\/span><\/span><!--[endif]--><strong><span lang=\"ES-EC\">Reconocimientos nacionales e internacionales<\/span><\/strong><span lang=\"ES-EC\">, por su destacada labor en el mantenimiento del orden y la protecci\u00f3n de los derechos ciudadanos.<\/span><\/p>\n<p><span lang=\"ES-EC\">Su liderazgo ha sido clave para enfrentar los desaf\u00edos de seguridad en Ecuador, promoviendo un cuerpo policial m\u00e1s preparado y eficiente en su labor.<\/span><\/p>\n<p><span lang=\"ES-EC\">Durante el per\u00edodo 2023-2024, el General C\u00e9sar Zapata Correa ha continuado trabajando en la seguridad y la formaci\u00f3n policial. Se ha desempe\u00f1ado como asesor en pol\u00edticas de seguridad y ha participado en foros internacionales sobre estrategias de combate a la delincuencia y el crimen organizado.<\/span><\/p>\n<p><span lang=\"ES-EC\">Adem\u00e1s, ha impulsado programas de formaci\u00f3n en \u00e9tica y liderazgo para miembros de la fuerza p\u00fablica, fomentando una cultura de transparencia y profesionalismo dentro de la Polic\u00eda Nacional y otras instituciones de seguridad.<\/span><\/p>\n<p><span lang=\"ES-EC\">Desde el ITESUT felicitamos al General C\u00e9sar Zapata Correa por su compromiso con la seguridad y la formaci\u00f3n de nuevas generaciones de profesionales en el \u00e1mbito policial y estrat\u00e9gico. Su legado y experiencia siguen siendo un pilar fundamental en la construcci\u00f3n de un Ecuador m\u00e1s seguro y ordenado.<\/span><\/p>\n<p>\u00a0<\/p>\n<p><span lang=\"ES-EC\">\u00a1Felicidades, General Zapata! El ITESUT celebra sus logros y le desea \u00e9xito en cada uno de sus proyectos futuros.<\/span><\/p>\t\t\t\t\t\t<\/div>\n\t\t\t\t<\/div>\n\t\t\t\t<\/div>\n\t\t<div class=\"elementor-element elementor-element-50d7e89 e-con-full e-flex e-con e-child\" data-id=\"50d7e89\" data-element_type=\"container\">\n\t\t\t\t<div class=\"elementor-element elementor-element-ec0f406 elementor-widget elementor-widget-image\" data-id=\"ec0f406\" data-element_type=\"widget\" data-widget_type=\"image.default\">\n\t\t\t\t<div class=\"elementor-widget-container\">\n\t\t\t\t\t\t\t\t\t\t\t\t\t<img loading=\"lazy\" decoding=\"async\" width=\"589\" height=\"589\" src=\"https:\/\/itesut.edu.ec\/wp-content\/uploads\/2025\/03\/Imagen5.jpg\" class=\"attachment-large size-large wp-image-4923\" alt=\"\" srcset=\"https:\/\/itesut.edu.ec\/wp-content\/uploads\/2025\/03\/Imagen5.jpg 589w, https:\/\/itesut.edu.ec\/wp-content\/uploads\/2025\/03\/Imagen5-300x300.jpg 300w, https:\/\/itesut.edu.ec\/wp-content\/uploads\/2025\/03\/Imagen5-150x150.jpg 150w, https:\/\/itesut.edu.ec\/wp-content\/uploads\/2025\/03\/Imagen5-100x100.jpg 100w, https:\/\/itesut.edu.ec\/wp-content\/uploads\/2025\/03\/Imagen5-64x64.jpg 64w\" sizes=\"(max-width: 589px) 100vw, 589px\" \/>\t\t\t\t\t\t\t\t\t\t\t\t\t<\/div>\n\t\t\t\t<\/div>\n\t\t\t\t<div class=\"elementor-element elementor-element-7d6bf86 elementor-widget elementor-widget-heading\" data-id=\"7d6bf86\" data-element_type=\"widget\" data-widget_type=\"heading.default\">\n\t\t\t\t<div class=\"elementor-widget-container\">\n\t\t\t<h2 class=\"elementor-heading-title elementor-size-default\"><p><strong><span lang=\"ES-EC\">General C\u00e9sar Zapata Correa: Liderazgo y Compromiso\ncon la Seguridad Nacional<\/span><\/strong><span lang=\"ES-EC\"><o:p><\/o:p><\/span><\/p><\/h2>\t\t<\/div>\n\t\t\t\t<\/div>\n\t\t\t\t<\/div>\n\t\t\t\t\t<\/div>\n\t\t\t\t<\/div>\n\t\t<div class=\"elementor-element elementor-element-eab4522 e-flex e-con-boxed e-con e-parent\" data-id=\"eab4522\" data-element_type=\"container\">\n\t\t\t\t\t<div class=\"e-con-inner\">\n\t\t<div class=\"elementor-element elementor-element-63b90b3 e-con-full e-flex e-con e-child\" data-id=\"63b90b3\" data-element_type=\"container\">\n\t\t\t\t<div class=\"elementor-element elementor-element-51e6e03 elementor-widget elementor-widget-image\" data-id=\"51e6e03\" data-element_type=\"widget\" data-widget_type=\"image.default\">\n\t\t\t\t<div class=\"elementor-widget-container\">\n\t\t\t\t\t\t\t\t\t\t\t\t\t<img loading=\"lazy\" decoding=\"async\" width=\"589\" height=\"494\" src=\"https:\/\/itesut.edu.ec\/wp-content\/uploads\/2025\/03\/Imagen6.jpg\" class=\"attachment-large size-large wp-image-4924\" alt=\"\" srcset=\"https:\/\/itesut.edu.ec\/wp-content\/uploads\/2025\/03\/Imagen6.jpg 589w, https:\/\/itesut.edu.ec\/wp-content\/uploads\/2025\/03\/Imagen6-300x252.jpg 300w, https:\/\/itesut.edu.ec\/wp-content\/uploads\/2025\/03\/Imagen6-64x54.jpg 64w\" sizes=\"(max-width: 589px) 100vw, 589px\" \/>\t\t\t\t\t\t\t\t\t\t\t\t\t<\/div>\n\t\t\t\t<\/div>\n\t\t\t\t<div class=\"elementor-element elementor-element-517ef24 elementor-widget elementor-widget-heading\" data-id=\"517ef24\" data-element_type=\"widget\" data-widget_type=\"heading.default\">\n\t\t\t\t<div class=\"elementor-widget-container\">\n\t\t\t<h2 class=\"elementor-heading-title elementor-size-default\"><p><strong><span lang=\"ES-EC\">Juan Pazos: Innovaci\u00f3n y Liderazgo en la Movilidad\nNacional<o:p><\/o:p><\/span><\/strong><\/p><\/h2>\t\t<\/div>\n\t\t\t\t<\/div>\n\t\t\t\t<\/div>\n\t\t<div class=\"elementor-element elementor-element-585557a e-con-full e-flex e-con e-child\" data-id=\"585557a\" data-element_type=\"container\">\n\t\t\t\t<div class=\"elementor-element elementor-element-c8231f6 elementor-widget elementor-widget-text-editor\" data-id=\"c8231f6\" data-element_type=\"widget\" data-widget_type=\"text-editor.default\">\n\t\t\t\t<div class=\"elementor-widget-container\">\n\t\t\t\t\t\t\t<p><span lang=\"ES-EC\">El ITESUT se complace en reconocer la destacada trayectoria\ny los logros de Juan Pazos, exdirector ejecutivo de la Agencia Nacional de\nTr\u00e1nsito (ANT). Su liderazgo ha sido clave en la modernizaci\u00f3n del sistema de\ntransporte y en la implementaci\u00f3n de estrategias que han mejorado la seguridad\ny eficiencia de la movilidad en el Ecuador.<o:p><\/o:p><\/span><\/p><p><span lang=\"ES-EC\">A lo largo de su gesti\u00f3n en la ANT, Juan Pazos ha impulsado\niniciativas innovadoras para mejorar la regulaci\u00f3n y operaci\u00f3n del transporte\nen el pa\u00eds. Entre sus principales logros destacan:<o:p><\/o:p><\/span><\/p><p style=\"margin-left:36.0pt;text-indent:-18.0pt;mso-list:l0 level1 lfo1;\ntab-stops:list 36.0pt\"><!--[if !supportLists]--><span lang=\"ES-EC\" style=\"font-size:\n10.0pt;mso-bidi-font-size:12.0pt;font-family:Symbol;mso-fareast-font-family:\nSymbol;mso-bidi-font-family:Symbol\">\u00b7<span style=\"font-variant-numeric: normal; font-variant-east-asian: normal; font-variant-alternates: normal; font-size-adjust: none; font-kerning: auto; font-optical-sizing: auto; font-feature-settings: normal; font-variation-settings: normal; font-variant-position: normal; font-variant-emoji: normal; font-stretch: normal; font-size: 7pt; line-height: normal; font-family: &quot;Times New Roman&quot;;\">&nbsp;&nbsp;&nbsp;&nbsp;&nbsp;&nbsp;&nbsp;&nbsp;\n<\/span><\/span><!--[endif]--><strong><span lang=\"ES-EC\">Modernizaci\u00f3n del\nsistema de licencias de conducir<\/span><\/strong><span lang=\"ES-EC\">, agilizando\nlos procesos y mejorando la seguridad en la emisi\u00f3n de documentos.<o:p><\/o:p><\/span><\/p><p style=\"margin-left:36.0pt;text-indent:-18.0pt;mso-list:l0 level1 lfo1;\ntab-stops:list 36.0pt\"><!--[if !supportLists]--><span lang=\"ES-EC\" style=\"font-size:\n10.0pt;mso-bidi-font-size:12.0pt;font-family:Symbol;mso-fareast-font-family:\nSymbol;mso-bidi-font-family:Symbol\">\u00b7<span style=\"font-variant-numeric: normal; font-variant-east-asian: normal; font-variant-alternates: normal; font-size-adjust: none; font-kerning: auto; font-optical-sizing: auto; font-feature-settings: normal; font-variation-settings: normal; font-variant-position: normal; font-variant-emoji: normal; font-stretch: normal; font-size: 7pt; line-height: normal; font-family: &quot;Times New Roman&quot;;\">&nbsp;&nbsp;&nbsp;&nbsp;&nbsp;&nbsp;&nbsp;&nbsp;\n<\/span><\/span><!--[endif]--><strong><span lang=\"ES-EC\">Implementaci\u00f3n de\ntecnolog\u00eda en la fiscalizaci\u00f3n del tr\u00e1nsito<\/span><\/strong><span lang=\"ES-EC\">,\nfortaleciendo el control vehicular con herramientas digitales y bases de datos\nactualizadas.<o:p><\/o:p><\/span><\/p><p style=\"margin-left:36.0pt;text-indent:-18.0pt;mso-list:l0 level1 lfo1;\ntab-stops:list 36.0pt\"><!--[if !supportLists]--><span lang=\"ES-EC\" style=\"font-size:\n10.0pt;mso-bidi-font-size:12.0pt;font-family:Symbol;mso-fareast-font-family:\nSymbol;mso-bidi-font-family:Symbol\">\u00b7<span style=\"font-variant-numeric: normal; font-variant-east-asian: normal; font-variant-alternates: normal; font-size-adjust: none; font-kerning: auto; font-optical-sizing: auto; font-feature-settings: normal; font-variation-settings: normal; font-variant-position: normal; font-variant-emoji: normal; font-stretch: normal; font-size: 7pt; line-height: normal; font-family: &quot;Times New Roman&quot;;\">&nbsp;&nbsp;&nbsp;&nbsp;&nbsp;&nbsp;&nbsp;&nbsp;\n<\/span><\/span><!--[endif]--><strong><span lang=\"ES-EC\">Mejoras en la seguridad\nvial<\/span><\/strong><span lang=\"ES-EC\">, promoviendo campa\u00f1as de concienciaci\u00f3n y\nmedidas de prevenci\u00f3n para reducir accidentes de tr\u00e1nsito.<o:p><\/o:p><\/span><\/p><p style=\"margin-left:36.0pt;text-indent:-18.0pt;mso-list:l0 level1 lfo1;\ntab-stops:list 36.0pt\"><!--[if !supportLists]--><span lang=\"ES-EC\" style=\"font-size:\n10.0pt;mso-bidi-font-size:12.0pt;font-family:Symbol;mso-fareast-font-family:\nSymbol;mso-bidi-font-family:Symbol\">\u00b7<span style=\"font-variant-numeric: normal; font-variant-east-asian: normal; font-variant-alternates: normal; font-size-adjust: none; font-kerning: auto; font-optical-sizing: auto; font-feature-settings: normal; font-variation-settings: normal; font-variant-position: normal; font-variant-emoji: normal; font-stretch: normal; font-size: 7pt; line-height: normal; font-family: &quot;Times New Roman&quot;;\">&nbsp;&nbsp;&nbsp;&nbsp;&nbsp;&nbsp;&nbsp;&nbsp;\n<\/span><\/span><!--[endif]--><strong><span lang=\"ES-EC\">Optimizaci\u00f3n del\ntransporte p\u00fablico<\/span><\/strong><span lang=\"ES-EC\">, trabajando en la\nregulaci\u00f3n de rutas y permisos para mejorar la movilidad de los ciudadanos.<o:p><\/o:p><\/span><\/p><p style=\"margin-left:36.0pt;text-indent:-18.0pt;mso-list:l0 level1 lfo1;\ntab-stops:list 36.0pt\"><!--[if !supportLists]--><span lang=\"ES-EC\" style=\"font-size:\n10.0pt;mso-bidi-font-size:12.0pt;font-family:Symbol;mso-fareast-font-family:\nSymbol;mso-bidi-font-family:Symbol\">\u00b7<span style=\"font-variant-numeric: normal; font-variant-east-asian: normal; font-variant-alternates: normal; font-size-adjust: none; font-kerning: auto; font-optical-sizing: auto; font-feature-settings: normal; font-variation-settings: normal; font-variant-position: normal; font-variant-emoji: normal; font-stretch: normal; font-size: 7pt; line-height: normal; font-family: &quot;Times New Roman&quot;;\">&nbsp;&nbsp;&nbsp;&nbsp;&nbsp;&nbsp;&nbsp;&nbsp;\n<\/span><\/span><!--[endif]--><strong><span lang=\"ES-EC\">Coordinaci\u00f3n con\ngobiernos locales<\/span><\/strong><span lang=\"ES-EC\">, fomentando una\nplanificaci\u00f3n integral del transporte y la movilidad en diversas regiones del\npa\u00eds.<o:p><\/o:p><\/span><\/p><p><span lang=\"ES-EC\">Su trabajo ha permitido avances significativos en la\ngesti\u00f3n del tr\u00e1nsito en Ecuador, sentando bases s\u00f3lidas para la modernizaci\u00f3n\ndel sector.<o:p><\/o:p><\/span><\/p><p><span lang=\"ES-EC\">En el per\u00edodo 2023-2024, Juan Pazos ha continuado\ndesempe\u00f1\u00e1ndose como un referente en el \u00e1mbito de la movilidad y el transporte.\nHa trabajado como consultor en proyectos de infraestructura vial y movilidad\nsostenible, asesorando a diversas entidades en la optimizaci\u00f3n del tr\u00e1nsito y\nla implementaci\u00f3n de tecnolog\u00eda en la fiscalizaci\u00f3n vehicular.<o:p><\/o:p><\/span><\/p><p><span lang=\"ES-EC\">Adem\u00e1s, ha participado en foros internacionales sobre\ninnovaci\u00f3n en movilidad, compartiendo su experiencia en la aplicaci\u00f3n de\nsoluciones digitales para mejorar el tr\u00e1fico y la seguridad vial. Su enfoque en\nla modernizaci\u00f3n del transporte sigue siendo clave para el desarrollo del pa\u00eds.<o:p><\/o:p><\/span><\/p><p><span lang=\"ES-EC\">Desde el ITESUT felicitamos a Juan Pazos por su destacada\ntrayectoria y su compromiso con la movilidad segura y eficiente en Ecuador. Su\nlabor es un ejemplo de innovaci\u00f3n y liderazgo en la gesti\u00f3n del transporte y\ntr\u00e1nsito.<o:p><\/o:p><\/span><\/p><p>\n\n\n\n\n\n\n\n\n\n\n\n\n\n\n\n\n\n\n\n\n\n<\/p><p><span lang=\"ES-EC\">\u00a1Felicidades, Juan! El ITESUT celebra sus logros y le desea\n\u00e9xito en cada uno de sus proyectos futuros.<o:p><\/o:p><\/span><\/p>\t\t\t\t\t\t<\/div>\n\t\t\t\t<\/div>\n\t\t\t\t<\/div>\n\t\t\t\t\t<\/div>\n\t\t\t\t<\/div>\n\t\t<div class=\"elementor-element elementor-element-ea8e1a8 e-flex e-con-boxed e-con e-parent\" data-id=\"ea8e1a8\" data-element_type=\"container\">\n\t\t\t\t\t<div class=\"e-con-inner\">\n\t\t\t\t\t<\/div>\n\t\t\t\t<\/div>\n\t\t\t\t<\/div>\n\t\t","protected":false},"excerpt":{"rendered":"<p>EX ALUMNOS El ITESUT se enorgullece en destacar el logro de uno de sus graduados m\u00e1s emblem\u00e1ticos: Agust\u00edn Delgado, reconocido exfutbolista profesional y goleador hist\u00f3rico de la Selecci\u00f3n Ecuatoriana de F\u00fatbol. Conocido por su talento en la cancha y su entrega en cada partido, el &#8220;Tin&#8221; ha demostrado que la disciplina y la perseverancia trascienden [&hellip;]<\/p>\n","protected":false},"author":1,"featured_media":0,"parent":0,"menu_order":0,"comment_status":"closed","ping_status":"closed","template":"","meta":{"_uag_custom_page_level_css":"","site-sidebar-layout":"default","site-content-layout":"","ast-site-content-layout":"default","site-content-style":"default","site-sidebar-style":"default","ast-global-header-display":"","ast-banner-title-visibility":"","ast-main-header-display":"","ast-hfb-above-header-display":"","ast-hfb-below-header-display":"","ast-hfb-mobile-header-display":"","site-post-title":"","ast-breadcrumbs-content":"","ast-featured-img":"","footer-sml-layout":"","theme-transparent-header-meta":"","adv-header-id-meta":"","stick-header-meta":"","header-above-stick-meta":"","header-main-stick-meta":"","header-below-stick-meta":"","astra-migrate-meta-layouts":"set","ast-page-background-enabled":"default","ast-page-background-meta":{"desktop":{"background-color":"var(--ast-global-color-4)","background-image":"","background-repeat":"repeat","background-position":"center center","background-size":"auto","background-attachment":"scroll","background-type":"","background-media":"","overlay-type":"","overlay-color":"","overlay-opacity":"","overlay-gradient":""},"tablet":{"background-color":"","background-image":"","background-repeat":"repeat","background-position":"center center","background-size":"auto","background-attachment":"scroll","background-type":"","background-media":"","overlay-type":"","overlay-color":"","overlay-opacity":"","overlay-gradient":""},"mobile":{"background-color":"","background-image":"","background-repeat":"repeat","background-position":"center center","background-size":"auto","background-attachment":"scroll","background-type":"","background-media":"","overlay-type":"","overlay-color":"","overlay-opacity":"","overlay-gradient":""}},"ast-content-background-meta":{"desktop":{"background-color":"var(--ast-global-color-5)","background-image":"","background-repeat":"repeat","background-position":"center center","background-size":"auto","background-attachment":"scroll","background-type":"","background-media":"","overlay-type":"","overlay-color":"","overlay-opacity":"","overlay-gradient":""},"tablet":{"background-color":"var(--ast-global-color-5)","background-image":"","background-repeat":"repeat","background-position":"center center","background-size":"auto","background-attachment":"scroll","background-type":"","background-media":"","overlay-type":"","overlay-color":"","overlay-opacity":"","overlay-gradient":""},"mobile":{"background-color":"var(--ast-global-color-5)","background-image":"","background-repeat":"repeat","background-position":"center center","background-size":"auto","background-attachment":"scroll","background-type":"","background-media":"","overlay-type":"","overlay-color":"","overlay-opacity":"","overlay-gradient":""}},"footnotes":""},"class_list":["post-4869","page","type-page","status-publish","hentry"],"uagb_featured_image_src":{"full":false,"thumbnail":false,"medium":false,"medium_large":false,"large":false,"1536x1536":false,"2048x2048":false,"woocommerce_thumbnail":false,"woocommerce_single":false,"woocommerce_gallery_thumbnail":false,"dgwt-wcas-product-suggestion":false},"uagb_author_info":{"display_name":"lmhf","author_link":"https:\/\/itesut.edu.ec\/?author=1"},"uagb_comment_info":0,"uagb_excerpt":"EX ALUMNOS El ITESUT se enorgullece en destacar el logro de uno de sus graduados m\u00e1s emblem\u00e1ticos: Agust\u00edn Delgado, reconocido exfutbolista profesional y goleador hist\u00f3rico de la Selecci\u00f3n Ecuatoriana de F\u00fatbol. Conocido por su talento en la cancha y su entrega en cada partido, el &#8220;Tin&#8221; ha demostrado que la disciplina y la perseverancia trascienden&hellip;","_links":{"self":[{"href":"https:\/\/itesut.edu.ec\/index.php?rest_route=\/wp\/v2\/pages\/4869","targetHints":{"allow":["GET"]}}],"collection":[{"href":"https:\/\/itesut.edu.ec\/index.php?rest_route=\/wp\/v2\/pages"}],"about":[{"href":"https:\/\/itesut.edu.ec\/index.php?rest_route=\/wp\/v2\/types\/page"}],"author":[{"embeddable":true,"href":"https:\/\/itesut.edu.ec\/index.php?rest_route=\/wp\/v2\/users\/1"}],"replies":[{"embeddable":true,"href":"https:\/\/itesut.edu.ec\/index.php?rest_route=%2Fwp%2Fv2%2Fcomments&post=4869"}],"version-history":[{"count":46,"href":"https:\/\/itesut.edu.ec\/index.php?rest_route=\/wp\/v2\/pages\/4869\/revisions"}],"predecessor-version":[{"id":4986,"href":"https:\/\/itesut.edu.ec\/index.php?rest_route=\/wp\/v2\/pages\/4869\/revisions\/4986"}],"wp:attachment":[{"href":"https:\/\/itesut.edu.ec\/index.php?rest_route=%2Fwp%2Fv2%2Fmedia&parent=4869"}],"curies":[{"name":"wp","href":"https:\/\/api.w.org\/{rel}","templated":true}]}}